{"id":244450,"date":"2025-12-09T19:21:34","date_gmt":"2025-12-09T18:21:34","guid":{"rendered":"https:\/\/www.mppu.org\/?page_id=244450"},"modified":"2026-01-23T12:43:08","modified_gmt":"2026-01-23T11:43:08","slug":"one-humanity-one-planet-synodal-leadership","status":"publish","type":"page","link":"https:\/\/www.mppu.org\/index.php\/one-humanity-one-planet-synodal-leadership\/","title":{"rendered":"Una Umanit\u00e0, Un Pianeta: Leadership Sinodale"},"content":{"rendered":"\t\t<div data-elementor-type=\"wp-page\" data-elementor-id=\"244450\" class=\"elementor elementor-244450\" data-elementor-post-type=\"page\">\n\t\t\t\t<div class=\"elementor-element elementor-element-72f3c04 e-con-full e-flex e-con e-parent\" data-id=\"72f3c04\" data-element_type=\"container\">\n\t\t\t\t<div class=\"elementor-element elementor-element-432ea1cd elementor-widget elementor-widget-text-editor\" data-id=\"432ea1cd\" data-element_type=\"widget\" data-widget_type=\"text-editor.default\">\n\t\t\t\t<div class=\"elementor-widget-container\">\n\t\t\t\t\t\t\t\t\t\n<h3 class=\"has-text-align-left\">Informazioni sul programma<\/h3>\n\t\t\t\t\t\t\t\t<\/div>\n\t\t\t\t<\/div>\n\t\t\t\t<div class=\"elementor-element elementor-element-7a3aefe elementor-widget elementor-widget-text-editor\" data-id=\"7a3aefe\" data-element_type=\"widget\" data-widget_type=\"text-editor.default\">\n\t\t\t\t<div class=\"elementor-widget-container\">\n\t\t\t\t\t\t\t\t\t\n<p class=\"has-text-align-left\">Il programma promosso dal Movimento politico per l\u2019unit\u00e0 e dall\u2019ONG New Humanity, in collaborazione con la Pontificia Commissione per l\u2019America Latina, realizzato con il sostegno della Fondazione Porticus, vuole rafforzare la partecipazione dei giovani politici nei processi di advocacy politica a livello globale, attraverso un percorso di riflessione e azione collaborativa tra leader socio-politici nell\u2019arco di un periodo di due anni, generando una rete globale di 600 giovani leader provenienti da diversi continenti.<\/p>\n\t\t\t\t\t\t\t\t<\/div>\n\t\t\t\t<\/div>\n\t\t\t\t<div class=\"elementor-element elementor-element-dfff660 elementor-widget-divider--view-line elementor-widget elementor-widget-divider\" data-id=\"dfff660\" data-element_type=\"widget\" data-widget_type=\"divider.default\">\n\t\t\t\t<div class=\"elementor-widget-container\">\n\t\t\t\t\t\t\t<div class=\"elementor-divider\">\n\t\t\t<span class=\"elementor-divider-separator\">\n\t\t\t\t\t\t<\/span>\n\t\t<\/div>\n\t\t\t\t\t\t<\/div>\n\t\t\t\t<\/div>\n\t\t\t\t<div class=\"elementor-element elementor-element-28751ca elementor-widget elementor-widget-text-editor\" data-id=\"28751ca\" data-element_type=\"widget\" data-widget_type=\"text-editor.default\">\n\t\t\t\t<div class=\"elementor-widget-container\">\n\t\t\t\t\t\t\t\t\t\n<h3 class=\"has-text-align-left\">Gli obiettivi<\/h3>\n\t\t\t\t\t\t\t\t<\/div>\n\t\t\t\t<\/div>\n\t\t\t\t<div class=\"elementor-element elementor-element-af1a52a elementor-widget elementor-widget-text-editor\" data-id=\"af1a52a\" data-element_type=\"widget\" data-widget_type=\"text-editor.default\">\n\t\t\t\t<div class=\"elementor-widget-container\">\n\t\t\t\t\t\t\t\t\t\n<ul>\n<li class=\"has-text-align-left\">Rafforzare la partecipazione giovanile nei processi di advocacy a livello globale, al fine di incrementare la qualit\u00e0 dell\u2019azione politica e il suo impatto nei processi di trasformazione sociale.<\/li>\n<li style=\"text-align: left;\">Ripensare collettivamente il concetto di governance globale dinanzi alle pi\u00f9 urgenti e attuali sfide sociali, economiche e ambientali, ispirati e guidati dal \u201cCarisma dell\u2019Unit\u00e0\u201d.<\/li>\n<li style=\"text-align: left;\">Promuovere una cultura di cura dell&#8217;umanit\u00e0 e del pianeta basata sulla solidariet\u00e0 e sulla fraternit\u00e0 come paradigma di sviluppo politico.<\/li>\n<li style=\"text-align: left;\">Condividere riflessioni, esperienze, strategie di attuazione e azioni di impatto globale.<\/li>\n<\/ul>\n\t\t\t\t\t\t\t\t<\/div>\n\t\t\t\t<\/div>\n\t\t\t\t<div class=\"elementor-element elementor-element-517eb57 elementor-widget-divider--view-line elementor-widget elementor-widget-divider\" data-id=\"517eb57\" data-element_type=\"widget\" data-widget_type=\"divider.default\">\n\t\t\t\t<div class=\"elementor-widget-container\">\n\t\t\t\t\t\t\t<div class=\"elementor-divider\">\n\t\t\t<span class=\"elementor-divider-separator\">\n\t\t\t\t\t\t<\/span>\n\t\t<\/div>\n\t\t\t\t\t\t<\/div>\n\t\t\t\t<\/div>\n\t\t\t\t<div class=\"elementor-element elementor-element-0e60562 elementor-widget elementor-widget-text-editor\" data-id=\"0e60562\" data-element_type=\"widget\" data-widget_type=\"text-editor.default\">\n\t\t\t\t<div class=\"elementor-widget-container\">\n\t\t\t\t\t\t\t\t\t<h3 style=\"text-align: left;\">Cosa offre<\/h3>\t\t\t\t\t\t\t\t<\/div>\n\t\t\t\t<\/div>\n\t\t\t\t<div class=\"elementor-element elementor-element-1aeda58 elementor-widget elementor-widget-text-editor\" data-id=\"1aeda58\" data-element_type=\"widget\" data-widget_type=\"text-editor.default\">\n\t\t\t\t<div class=\"elementor-widget-container\">\n\t\t\t\t\t\t\t\t\t\n<ul>\n<li class=\"has-text-align-left\">Un processo di <strong>azione collettiva globale<\/strong> della durata di <strong>due anni<\/strong> che integra formazione, informazione, relazioni, strumenti e incontri.<\/li>\n<li class=\"has-text-align-left\"><strong>Strumenti ed esperienze<\/strong> per aumentare la qualit\u00e0 della politica e migliorare l&#8217;incidenza sulla trasformazione sociale.<\/li>\n<li class=\"has-text-align-left\"><strong>Spazi di formazione e costruzione<\/strong> collettiva di conoscenze con scambio con docenti ed esperti internazionali, con spazi di riflessione tra i partecipanti.<\/li>\n<li class=\"has-text-align-left\">Un <strong>mentore<\/strong> con esperienza politica per migliorare il tuo progetto politico.<\/li>\n<li class=\"has-text-align-left\"><strong>Consulenza specialistica<\/strong> in ambito sociale, politico, economico e ambientale.<\/li>\n<li class=\"has-text-align-left\">Lezioni con esperti ed esperte in <strong>Ecologia Integrale, Nuove Economie, Governance Collaborativa, Comunicazione Generativa e Leadership Sinodale<\/strong>.<\/li>\n<li class=\"has-text-align-left\">Inclusione in una <strong>rete globale di 600 giovani<\/strong> leader provenienti da diversi continenti.<\/li>\n<li class=\"has-text-align-left\">Accesso a <strong>strumenti per la progettazione e l&#8217;esecuzione<\/strong> di progetti locali con portata globale e strategie globali con impatto locale.<\/li>\n<li class=\"has-text-align-left\">Un <strong>diploma formale<\/strong> che attesta la partecipazione al programma.<\/li>\n<\/ul>\n\t\t\t\t\t\t\t\t<\/div>\n\t\t\t\t<\/div>\n\t\t\t\t<div class=\"elementor-element elementor-element-9f34d68 elementor-widget-divider--view-line elementor-widget elementor-widget-divider\" data-id=\"9f34d68\" data-element_type=\"widget\" data-widget_type=\"divider.default\">\n\t\t\t\t<div class=\"elementor-widget-container\">\n\t\t\t\t\t\t\t<div class=\"elementor-divider\">\n\t\t\t<span class=\"elementor-divider-separator\">\n\t\t\t\t\t\t<\/span>\n\t\t<\/div>\n\t\t\t\t\t\t<\/div>\n\t\t\t\t<\/div>\n\t\t\t\t<div class=\"elementor-element elementor-element-3d3999d elementor-widget elementor-widget-text-editor\" data-id=\"3d3999d\" data-element_type=\"widget\" data-widget_type=\"text-editor.default\">\n\t\t\t\t<div class=\"elementor-widget-container\">\n\t\t\t\t\t\t\t\t\t<h3 style=\"text-align: left;\">Il programma<\/h3>\t\t\t\t\t\t\t\t<\/div>\n\t\t\t\t<\/div>\n\t\t\t\t<div class=\"elementor-element elementor-element-a1fa8a3 elementor-widget elementor-widget-text-editor\" data-id=\"a1fa8a3\" data-element_type=\"widget\" data-widget_type=\"text-editor.default\">\n\t\t\t\t<div class=\"elementor-widget-container\">\n\t\t\t\t\t\t\t\t\t\n<p>\u00a0<\/p>\n<table>\n<tbody>\n<tr>\n<td>\n<p><b>DATA<\/b><\/p>\n<\/td>\n<td>\n<p><b>MODULO<\/b><\/p>\n<\/td>\n<td>\n<p><b>OGGETTO<\/b><\/p>\n<\/td>\n<\/tr>\n<tr>\n<td>\n<p><span style=\"font-weight: 400;\">17\/05\/2025<\/span><\/p>\n<\/td>\n<td>\n<p><span style=\"font-weight: 400;\">Inaugural Session<\/span><\/p>\n<\/td>\n<td>\n<p><span style=\"font-weight: 400;\">One humanity, One planet.<\/span><\/p>\n<\/td>\n<\/tr>\n<tr>\n<td>\n<p><span style=\"font-weight: 400;\">17\/05\/2025<\/span><\/p>\n<\/td>\n<td rowspan=\"4\">\n<p><span style=\"font-weight: 400;\">Integral Ecology<\/span><\/p>\n<\/td>\n<td>\n<p><span style=\"font-weight: 400;\">Political path from fragmentation to unity<\/span><\/p>\n<\/td>\n<\/tr>\n<tr>\n<td>\n<p><span style=\"font-weight: 400;\">31\/05\/2025<\/span><\/p>\n<\/td>\n<td>\n<p><span style=\"font-weight: 400;\">From Challenging to Change &#8211; Transition towards Sustainability<\/span><\/p>\n<\/td>\n<\/tr>\n<tr>\n<td>\n<p><span style=\"font-weight: 400;\">14\/06\/2025<\/span><\/p>\n<\/td>\n<td>\n<p><span style=\"font-weight: 400;\">Integral Ecology and the Logic of Development: Our Shared Future<\/span><\/p>\n<\/td>\n<\/tr>\n<tr>\n<td>\n<p><span style=\"font-weight: 400;\">28\/06\/2025<\/span><\/p>\n<\/td>\n<td>\n<p><span style=\"font-weight: 400;\">Live session<\/span><\/p>\n<\/td>\n<\/tr>\n<tr>\n<td>\n<p><span style=\"font-weight: 400;\">28\/06\/2025<\/span><\/p>\n<\/td>\n<td rowspan=\"4\">\n<p><span style=\"font-weight: 400;\">Civil Economy<\/span><\/p>\n<\/td>\n<td>\n<p><span style=\"font-weight: 400;\">Interconnections between Economic and Political Systems<\/span><\/p>\n<\/td>\n<\/tr>\n<tr>\n<td>\n<p><span style=\"font-weight: 400;\">12\/07\/2025<\/span><\/p>\n<\/td>\n<td>\n<p><span style=\"font-weight: 400;\"> Emerging Economic Models for Human Welfare<\/span><\/p>\n<\/td>\n<\/tr>\n<tr>\n<td>\n<p><span style=\"font-weight: 400;\">26\/07\/2025<\/span><\/p>\n<\/td>\n<td>\n<p><span style=\"font-weight: 400;\">Public Happiness and Management of Commons<\/span><\/p>\n<\/td>\n<\/tr>\n<tr>\n<td>\n<p><span style=\"font-weight: 400;\">09\/08\/2025<\/span><\/p>\n<\/td>\n<td>\n<p><span style=\"font-weight: 400;\">Live session<\/span><\/p>\n<\/td>\n<\/tr>\n<tr>\n<td>\n<p><span style=\"font-weight: 400;\">09\/08\/2025<\/span><\/p>\n<\/td>\n<td rowspan=\"2\">\n<p><span style=\"font-weight: 400;\">Collaborative Governance<\/span><\/p>\n<\/td>\n<td>\n<p><span style=\"font-weight: 400;\">Challenges of Collective Action between Local and Global<\/span><\/p>\n<\/td>\n<\/tr>\n<tr>\n<td>\n<p><span style=\"font-weight: 400;\">23\/08\/2025<\/span><\/p>\n<\/td>\n<td>\n<p><span style=\"font-weight: 400;\">The Role of Political Institutions and Civil Society for the Common Good<\/span><\/p>\n<\/td>\n<\/tr>\n<tr>\n<td>\n<p><span style=\"font-weight: 400;\">06\/09\/2025<\/span><\/p>\n<\/td>\n<td rowspan=\"2\">\u00a0<\/td>\n<td>\n<p><span style=\"font-weight: 400;\">Participatory and Collaborative Governance<\/span><\/p>\n<\/td>\n<\/tr>\n<tr>\n<td>\n<p><span style=\"font-weight: 400;\">20\/09\/2025<\/span><\/p>\n<\/td>\n<td>\n<p><span style=\"font-weight: 400;\">Live session<\/span><\/p>\n<\/td>\n<\/tr>\n<tr>\n<td>\n<p><span style=\"font-weight: 400;\">20\/09\/2025<\/span><\/p>\n<\/td>\n<td rowspan=\"4\">\n<p><span style=\"font-weight: 400;\">Generative Communication<\/span><\/p>\n<\/td>\n<td>\n<p><span style=\"font-weight: 400;\">Citizens or followers? The power of digital<\/span><\/p>\n<\/td>\n<\/tr>\n<tr>\n<td>\n<p><span style=\"font-weight: 400;\">04\/10\/2025<\/span><\/p>\n<\/td>\n<td>\n<p><span style=\"font-weight: 400;\">Consensus building, polarization, and political mediation<\/span><\/p>\n<\/td>\n<\/tr>\n<tr>\n<td>\n<p><span style=\"font-weight: 400;\">18\/10\/2025<\/span><\/p>\n<\/td>\n<td>\n<p><span style=\"font-weight: 400;\">Communication and Dialogue Strategies for a Culture of Encounter<\/span><\/p>\n<\/td>\n<\/tr>\n<tr>\n<td>\n<p><span style=\"font-weight: 400;\">01\/11\/2025<\/span><\/p>\n<\/td>\n<td>\n<p><span style=\"font-weight: 400;\">Live session<\/span><\/p>\n<\/td>\n<\/tr>\n<tr>\n<td>\n<p><span style=\"font-weight: 400;\">01\/11\/2025<\/span><\/p>\n<\/td>\n<td rowspan=\"4\">\n<p><span style=\"font-weight: 400;\">Synodal Leadership<\/span><\/p>\n<\/td>\n<td>\n<p><span style=\"font-weight: 400;\">Anthropology of identity: self-awareness and self-management<\/span><\/p>\n<\/td>\n<\/tr>\n<tr>\n<td>\n<p><span style=\"font-weight: 400;\">15\/11\/2025<\/span><\/p>\n<\/td>\n<td>\n<p><span style=\"font-weight: 400;\">Ethics in Social Interactions and Political Decision-Making<\/span><\/p>\n<\/td>\n<\/tr>\n<tr>\n<td>\n<p><span style=\"font-weight: 400;\">29\/11\/2025<\/span><\/p>\n<\/td>\n<td>\n<p><span style=\"font-weight: 400;\">Recognizing Diversity and Conflict Transformation &#8211; The logic of the polyhedron<\/span><\/p>\n<\/td>\n<\/tr>\n<tr>\n<td>\n<p><span style=\"font-weight: 400;\">13\/12\/2025<\/span><\/p>\n<\/td>\n<td>\n<p><span style=\"font-weight: 400;\">Live session<\/span><\/p>\n<\/td>\n<\/tr>\n<\/tbody>\n<\/table>\n\t\t\t\t\t\t\t\t<\/div>\n\t\t\t\t<\/div>\n\t\t\t\t<div class=\"elementor-element elementor-element-840f275 elementor-widget-divider--view-line elementor-widget elementor-widget-divider\" data-id=\"840f275\" data-element_type=\"widget\" data-widget_type=\"divider.default\">\n\t\t\t\t<div class=\"elementor-widget-container\">\n\t\t\t\t\t\t\t<div class=\"elementor-divider\">\n\t\t\t<span class=\"elementor-divider-separator\">\n\t\t\t\t\t\t<\/span>\n\t\t<\/div>\n\t\t\t\t\t\t<\/div>\n\t\t\t\t<\/div>\n\t\t\t\t<div class=\"elementor-element elementor-element-799efe6 elementor-widget elementor-widget-text-editor\" data-id=\"799efe6\" data-element_type=\"widget\" data-widget_type=\"text-editor.default\">\n\t\t\t\t<div class=\"elementor-widget-container\">\n\t\t\t\t\t\t\t\t\t<h3 style=\"text-align: left;\">I partecipanti<\/h3>\t\t\t\t\t\t\t\t<\/div>\n\t\t\t\t<\/div>\n\t\t\t\t<div class=\"elementor-element elementor-element-657003b elementor-widget elementor-widget-text-editor\" data-id=\"657003b\" data-element_type=\"widget\" data-widget_type=\"text-editor.default\">\n\t\t\t\t<div class=\"elementor-widget-container\">\n\t\t\t\t\t\t\t\t\t\n<p style=\"text-align: left;\" data-start=\"0\" data-end=\"87\">Dall\u2019esito di un processo di selezione di 270 candidati, i <strong>142 giovani leader<\/strong> prescelti provenienti da <strong>56 Paesi<\/strong> e di diverse culture, convinzioni politiche e religioni si sono impegnati in un percorso biennale di riflessione e azione condivisa, mettendo\u00a0al servizio l\u2019esperienza politica da loro gi\u00e0 maturata nel governo, nei movimenti sociali o nelle agenzie internazionali.<\/p>\n<p style=\"text-align: left;\" data-start=\"89\" data-end=\"215\">In questo breve video ti mostriamo chi sono: da dove vengono, cosa fanno, il loro genere, la loro et\u00e0 e le loro professioni.<\/p>\n<p style=\"text-align: left;\" data-start=\"217\" data-end=\"337\" data-is-last-node=\"\" data-is-only-node=\"\">Un mosaico di volti, storie e culture che celebra la bellezza della diversit\u00e0 e la forza della partecipazione giovanile.<\/p>\n\t\t\t\t\t\t\t\t<\/div>\n\t\t\t\t<\/div>\n\t\t\t\t<div class=\"elementor-element elementor-element-7395495 elementor-widget elementor-widget-video\" data-id=\"7395495\" data-element_type=\"widget\" data-settings=\"{&quot;youtube_url&quot;:&quot;https:\\\/\\\/www.youtube.com\\\/watch?v=If5cQm2T86A&quot;,&quot;video_type&quot;:&quot;youtube&quot;,&quot;controls&quot;:&quot;yes&quot;}\" data-widget_type=\"video.default\">\n\t\t\t\t<div class=\"elementor-widget-container\">\n\t\t\t\t\t\t\t<div class=\"elementor-wrapper elementor-open-inline\">\n\t\t\t<div class=\"elementor-video\"><\/div>\t\t<\/div>\n\t\t\t\t\t\t<\/div>\n\t\t\t\t<\/div>\n\t\t\t\t<div class=\"elementor-element elementor-element-a311252 elementor-widget-divider--view-line elementor-widget elementor-widget-divider\" data-id=\"a311252\" data-element_type=\"widget\" data-widget_type=\"divider.default\">\n\t\t\t\t<div class=\"elementor-widget-container\">\n\t\t\t\t\t\t\t<div class=\"elementor-divider\">\n\t\t\t<span class=\"elementor-divider-separator\">\n\t\t\t\t\t\t<\/span>\n\t\t<\/div>\n\t\t\t\t\t\t<\/div>\n\t\t\t\t<\/div>\n\t\t\t\t<div class=\"elementor-element elementor-element-5fa1ee9 elementor-widget elementor-widget-text-editor\" data-id=\"5fa1ee9\" data-element_type=\"widget\" data-widget_type=\"text-editor.default\">\n\t\t\t\t<div class=\"elementor-widget-container\">\n\t\t\t\t\t\t\t\t\t<h3 style=\"text-align: left;\">Modulo 1 &#8211; Ecologia Integrale<\/h3>\t\t\t\t\t\t\t\t<\/div>\n\t\t\t\t<\/div>\n\t\t\t\t<div class=\"elementor-element elementor-element-3a288a3 elementor-widget elementor-widget-video\" data-id=\"3a288a3\" data-element_type=\"widget\" data-settings=\"{&quot;youtube_url&quot;:&quot;https:\\\/\\\/www.youtube.com\\\/watch?v=oAuRDC-5RW0&quot;,&quot;video_type&quot;:&quot;youtube&quot;,&quot;controls&quot;:&quot;yes&quot;}\" data-widget_type=\"video.default\">\n\t\t\t\t<div class=\"elementor-widget-container\">\n\t\t\t\t\t\t\t<div class=\"elementor-wrapper elementor-open-inline\">\n\t\t\t<div class=\"elementor-video\"><\/div>\t\t<\/div>\n\t\t\t\t\t\t<\/div>\n\t\t\t\t<\/div>\n\t\t\t\t<div class=\"elementor-element elementor-element-9b67092 elementor-widget-divider--view-line elementor-widget elementor-widget-divider\" data-id=\"9b67092\" data-element_type=\"widget\" data-widget_type=\"divider.default\">\n\t\t\t\t<div class=\"elementor-widget-container\">\n\t\t\t\t\t\t\t<div class=\"elementor-divider\">\n\t\t\t<span class=\"elementor-divider-separator\">\n\t\t\t\t\t\t<\/span>\n\t\t<\/div>\n\t\t\t\t\t\t<\/div>\n\t\t\t\t<\/div>\n\t\t\t\t<div class=\"elementor-element elementor-element-b71f6d7 elementor-widget elementor-widget-heading\" data-id=\"b71f6d7\" data-element_type=\"widget\" data-widget_type=\"heading.default\">\n\t\t\t\t<div class=\"elementor-widget-container\">\n\t\t\t\t\t<h2 class=\"elementor-heading-title elementor-size-default\">Modulo 2 - Economia Civile<\/h2>\t\t\t\t<\/div>\n\t\t\t\t<\/div>\n\t\t\t\t<\/div>\n\t\t<div class=\"elementor-element elementor-element-e7ba90f e-flex e-con-boxed e-con e-parent\" data-id=\"e7ba90f\" data-element_type=\"container\">\n\t\t\t\t\t<div class=\"e-con-inner\">\n\t\t\t\t<div class=\"elementor-element elementor-element-ef98b7a elementor-widget elementor-widget-video\" data-id=\"ef98b7a\" data-element_type=\"widget\" data-settings=\"{&quot;youtube_url&quot;:&quot;https:\\\/\\\/www.youtube.com\\\/watch?v=fB5-6yRnjOQ&quot;,&quot;video_type&quot;:&quot;youtube&quot;,&quot;controls&quot;:&quot;yes&quot;}\" data-widget_type=\"video.default\">\n\t\t\t\t<div class=\"elementor-widget-container\">\n\t\t\t\t\t\t\t<div class=\"elementor-wrapper elementor-open-inline\">\n\t\t\t<div class=\"elementor-video\"><\/div>\t\t<\/div>\n\t\t\t\t\t\t<\/div>\n\t\t\t\t<\/div>\n\t\t\t\t<div class=\"elementor-element elementor-element-3bc8704 elementor-widget-divider--view-line elementor-widget elementor-widget-divider\" data-id=\"3bc8704\" data-element_type=\"widget\" data-widget_type=\"divider.default\">\n\t\t\t\t<div class=\"elementor-widget-container\">\n\t\t\t\t\t\t\t<div class=\"elementor-divider\">\n\t\t\t<span class=\"elementor-divider-separator\">\n\t\t\t\t\t\t<\/span>\n\t\t<\/div>\n\t\t\t\t\t\t<\/div>\n\t\t\t\t<\/div>\n\t\t\t\t<div class=\"elementor-element elementor-element-41615da elementor-widget elementor-widget-heading\" data-id=\"41615da\" data-element_type=\"widget\" data-widget_type=\"heading.default\">\n\t\t\t\t<div class=\"elementor-widget-container\">\n\t\t\t\t\t<h2 class=\"elementor-heading-title elementor-size-default\">Modulo 3 - Governance Collaborativa<\/h2>\t\t\t\t<\/div>\n\t\t\t\t<\/div>\n\t\t\t\t<div class=\"elementor-element elementor-element-e6333c1 elementor-widget elementor-widget-video\" data-id=\"e6333c1\" data-element_type=\"widget\" data-settings=\"{&quot;youtube_url&quot;:&quot;https:\\\/\\\/www.youtube.com\\\/watch?v=MZUDLgE1TD0&quot;,&quot;video_type&quot;:&quot;youtube&quot;,&quot;controls&quot;:&quot;yes&quot;}\" data-widget_type=\"video.default\">\n\t\t\t\t<div class=\"elementor-widget-container\">\n\t\t\t\t\t\t\t<div class=\"elementor-wrapper elementor-open-inline\">\n\t\t\t<div class=\"elementor-video\"><\/div>\t\t<\/div>\n\t\t\t\t\t\t<\/div>\n\t\t\t\t<\/div>\n\t\t\t\t<div class=\"elementor-element elementor-element-6e0f167 elementor-widget-divider--view-line elementor-widget elementor-widget-divider\" data-id=\"6e0f167\" data-element_type=\"widget\" data-widget_type=\"divider.default\">\n\t\t\t\t<div class=\"elementor-widget-container\">\n\t\t\t\t\t\t\t<div class=\"elementor-divider\">\n\t\t\t<span class=\"elementor-divider-separator\">\n\t\t\t\t\t\t<\/span>\n\t\t<\/div>\n\t\t\t\t\t\t<\/div>\n\t\t\t\t<\/div>\n\t\t\t\t<div class=\"elementor-element elementor-element-5ba7369 elementor-widget elementor-widget-heading\" data-id=\"5ba7369\" data-element_type=\"widget\" data-widget_type=\"heading.default\">\n\t\t\t\t<div class=\"elementor-widget-container\">\n\t\t\t\t\t<h2 class=\"elementor-heading-title elementor-size-default\">Modulo 4 - Comunicazione Generativa<\/h2>\t\t\t\t<\/div>\n\t\t\t\t<\/div>\n\t\t\t\t<div class=\"elementor-element elementor-element-4c4fd58 elementor-widget elementor-widget-video\" data-id=\"4c4fd58\" data-element_type=\"widget\" data-settings=\"{&quot;youtube_url&quot;:&quot;https:\\\/\\\/youtu.be\\\/1XaE6fHuezA&quot;,&quot;video_type&quot;:&quot;youtube&quot;,&quot;controls&quot;:&quot;yes&quot;}\" data-widget_type=\"video.default\">\n\t\t\t\t<div class=\"elementor-widget-container\">\n\t\t\t\t\t\t\t<div class=\"elementor-wrapper elementor-open-inline\">\n\t\t\t<div class=\"elementor-video\"><\/div>\t\t<\/div>\n\t\t\t\t\t\t<\/div>\n\t\t\t\t<\/div>\n\t\t\t\t<div class=\"elementor-element elementor-element-8aa44f4 elementor-widget-divider--view-line elementor-widget elementor-widget-divider\" data-id=\"8aa44f4\" data-element_type=\"widget\" data-widget_type=\"divider.default\">\n\t\t\t\t<div class=\"elementor-widget-container\">\n\t\t\t\t\t\t\t<div class=\"elementor-divider\">\n\t\t\t<span class=\"elementor-divider-separator\">\n\t\t\t\t\t\t<\/span>\n\t\t<\/div>\n\t\t\t\t\t\t<\/div>\n\t\t\t\t<\/div>\n\t\t\t\t<div class=\"elementor-element elementor-element-f6dffbf elementor-widget elementor-widget-heading\" data-id=\"f6dffbf\" data-element_type=\"widget\" data-widget_type=\"heading.default\">\n\t\t\t\t<div class=\"elementor-widget-container\">\n\t\t\t\t\t<h2 class=\"elementor-heading-title elementor-size-default\">Modulo 5 - Leadership Sinodale<\/h2>\t\t\t\t<\/div>\n\t\t\t\t<\/div>\n\t\t\t\t<div class=\"elementor-element elementor-element-c478af5 elementor-widget elementor-widget-video\" data-id=\"c478af5\" data-element_type=\"widget\" data-settings=\"{&quot;youtube_url&quot;:&quot;https:\\\/\\\/youtu.be\\\/zH-rAhdzTIo&quot;,&quot;video_type&quot;:&quot;youtube&quot;,&quot;controls&quot;:&quot;yes&quot;}\" data-widget_type=\"video.default\">\n\t\t\t\t<div class=\"elementor-widget-container\">\n\t\t\t\t\t\t\t<div class=\"elementor-wrapper elementor-open-inline\">\n\t\t\t<div class=\"elementor-video\"><\/div>\t\t<\/div>\n\t\t\t\t\t\t<\/div>\n\t\t\t\t<\/div>\n\t\t\t\t<div class=\"elementor-element elementor-element-5222841 elementor-widget-divider--view-line elementor-widget elementor-widget-divider\" data-id=\"5222841\" data-element_type=\"widget\" data-widget_type=\"divider.default\">\n\t\t\t\t<div class=\"elementor-widget-container\">\n\t\t\t\t\t\t\t<div class=\"elementor-divider\">\n\t\t\t<span class=\"elementor-divider-separator\">\n\t\t\t\t\t\t<\/span>\n\t\t<\/div>\n\t\t\t\t\t\t<\/div>\n\t\t\t\t<\/div>\n\t\t\t\t\t<\/div>\n\t\t\t\t<\/div>\n\t\t\t\t<\/div>\n\t\t","protected":false},"excerpt":{"rendered":"<p>Informazioni sul programma Il programma promosso dal Movimento politico per l\u2019unit\u00e0 e dall\u2019ONG New Humanity, in collaborazione con la Pontificia Commissione per l\u2019America Latina, realizzato con il sostegno della Fondazione Porticus, vuole rafforzare la partecipazione dei giovani politici nei processi di advocacy politica a livello globale, attraverso un percorso di riflessione e azione collaborativa tra [&hellip;]<\/p>\n","protected":false},"author":1,"featured_media":0,"parent":0,"menu_order":0,"comment_status":"closed","ping_status":"closed","template":"","meta":{"_acf_changed":false,"footnotes":""},"class_list":["post-244450","page","type-page","status-publish","hentry"],"acf":[],"_links":{"self":[{"href":"https:\/\/www.mppu.org\/index.php\/wp-json\/wp\/v2\/pages\/244450","targetHints":{"allow":["GET"]}}],"collection":[{"href":"https:\/\/www.mppu.org\/index.php\/wp-json\/wp\/v2\/pages"}],"about":[{"href":"https:\/\/www.mppu.org\/index.php\/wp-json\/wp\/v2\/types\/page"}],"author":[{"embeddable":true,"href":"https:\/\/www.mppu.org\/index.php\/wp-json\/wp\/v2\/users\/1"}],"replies":[{"embeddable":true,"href":"https:\/\/www.mppu.org\/index.php\/wp-json\/wp\/v2\/comments?post=244450"}],"version-history":[{"count":35,"href":"https:\/\/www.mppu.org\/index.php\/wp-json\/wp\/v2\/pages\/244450\/revisions"}],"predecessor-version":[{"id":244857,"href":"https:\/\/www.mppu.org\/index.php\/wp-json\/wp\/v2\/pages\/244450\/revisions\/244857"}],"wp:attachment":[{"href":"https:\/\/www.mppu.org\/index.php\/wp-json\/wp\/v2\/media?parent=244450"}],"curies":[{"name":"wp","href":"https:\/\/api.w.org\/{rel}","templated":true}]}}